{"version":"1.0","provider_name":"Eva Vedel","provider_url":"http:\/\/evavedel.com\/en","author_name":"admin3648","author_url":"http:\/\/evavedel.com\/en\/author\/admin3648\/","title":"2.\u00a0 \u00a0 Restituer le monde \u00e0 notre \u00e9chelle - Eva Vedel","type":"rich","width":600,"height":338,"html":"<blockquote class=\"wp-embedded-content\" data-secret=\"XApdFysjHy\"><a href=\"http:\/\/evavedel.com\/en\/2-restituer-le-monde-a-notre-echelle\/\">2.\u00a0 \u00a0 Restituer le monde \u00e0 notre \u00e9chelle<\/a><\/blockquote><iframe sandbox=\"allow-scripts\" security=\"restricted\" src=\"http:\/\/evavedel.com\/en\/2-restituer-le-monde-a-notre-echelle\/embed\/#?secret=XApdFysjHy\" width=\"600\" height=\"338\" title=\"&#8220;2.\u00a0 \u00a0 Restituer le monde \u00e0 notre \u00e9chelle&#8221; &#8212; Eva Vedel\" data-secret=\"XApdFysjHy\" frameborder=\"0\" marginwidth=\"0\" marginheight=\"0\" scrolling=\"no\" class=\"wp-embedded-content\"><\/iframe><script>\n\/*! This file is auto-generated *\/\n!function(d,l){\"use strict\";l.querySelector&&d.addEventListener&&\"undefined\"!=typeof URL&&(d.wp=d.wp||{},d.wp.receiveEmbedMessage||(d.wp.receiveEmbedMessage=function(e){var t=e.data;if((t||t.secret||t.message||t.value)&&!\/[^a-zA-Z0-9]\/.test(t.secret)){for(var s,r,n,a=l.querySelectorAll('iframe[data-secret=\"'+t.secret+'\"]'),o=l.querySelectorAll('blockquote[data-secret=\"'+t.secret+'\"]'),c=new RegExp(\"^https?:$\",\"i\"),i=0;i<o.length;i++)o[i].style.display=\"none\";for(i=0;i<a.length;i++)s=a[i],e.source===s.contentWindow&&(s.removeAttribute(\"style\"),\"height\"===t.message?(1e3<(r=parseInt(t.value,10))?r=1e3:~~r<200&&(r=200),s.height=r):\"link\"===t.message&&(r=new URL(s.getAttribute(\"src\")),n=new URL(t.value),c.test(n.protocol))&&n.host===r.host&&l.activeElement===s&&(d.top.location.href=t.value))}},d.addEventListener(\"message\",d.wp.receiveEmbedMessage,!1),l.addEventListener(\"DOMContentLoaded\",function(){for(var e,t,s=l.querySelectorAll(\"iframe.wp-embedded-content\"),r=0;r<s.length;r++)(t=(e=s[r]).getAttribute(\"data-secret\"))||(t=Math.random().toString(36).substring(2,12),e.src+=\"#?secret=\"+t,e.setAttribute(\"data-secret\",t)),e.contentWindow.postMessage({message:\"ready\",secret:t},\"*\")},!1)))}(window,document);\n\/\/# sourceURL=http:\/\/evavedel.com\/wp-includes\/js\/wp-embed.min.js\n<\/script>","description":"L\u2019acc\u00e9l\u00e9ration sociale produit de nouvelles perceptions du temps et de l\u2019espace. Devant l\u2019impasse d&rsquo;une d\u00e9shumanisation plus qu\u2019enclench\u00e9e, cons\u00e9cutive d\u2019une exp\u00e9rience d\u2019\u00e9tranget\u00e9 face au monde contemporain, l\u2019espoir de r\u00e9tablir un contact avec le monde s\u2019av\u00e8re \u00eatre une des issues. 2.a. Toucher pour (sa)voir Je d\u00e9finirais le num\u00e9rique et ses effets comme un hyperobjet car ils occupent [&hellip;]"}