{"id":1328,"date":"2025-01-14T13:56:58","date_gmt":"2025-01-14T12:56:58","guid":{"rendered":"https:\/\/evavedel.com\/?page_id=1328"},"modified":"2025-01-14T13:56:59","modified_gmt":"2025-01-14T12:56:59","slug":"mentions-legales","status":"publish","type":"page","link":"https:\/\/evavedel.com\/en\/mentions-legales\/","title":{"rendered":"Mentions l\u00e9gales"},"content":{"rendered":"<h2 class=\"wp-block-heading\">Mentions l\u00e9gales<\/h2>\n\n\n\n<hr class=\"wp-block-separator has-alpha-channel-opacity\"\/>\n\n\n\n<h3 class=\"wp-block-heading\">\u00c9diteur du site<\/h3>\n\n\n\n<p><strong>Nom ou raison sociale :<\/strong> Eva Vedel<br><strong>Statut juridique :<\/strong> Auto-entrepreneur<br><strong>Adresse du si\u00e8ge social :<\/strong> 7 rue de cruchen, 31490 Leguevin<br><strong>T\u00e9l\u00e9phone :<\/strong> +33787063747<br><strong>E-mail :<\/strong> contact@evavedel.com<br><strong>Num\u00e9ro SIRET :<\/strong> 85320055800015<\/p>\n\n\n\n<hr class=\"wp-block-separator has-alpha-channel-opacity\"\/>\n\n\n\n<h4 class=\"wp-block-heading\">H\u00e9bergeur du site<\/h4>\n\n\n\n<p><strong>Nom de l\u2019h\u00e9bergeur :<\/strong> OVH<br><strong>Site web :<\/strong> www.ovh.com<\/p>\n\n\n\n<hr class=\"wp-block-separator has-alpha-channel-opacity\"\/>\n\n\n\n<h4 class=\"wp-block-heading\">Propri\u00e9t\u00e9 intellectuelle<\/h4>\n\n\n\n<p>Tout le contenu pr\u00e9sent sur ce site (textes, images, graphismes, logos, vid\u00e9os, etc.) est prot\u00e9g\u00e9 par les lois en vigueur en France relatives \u00e0 la propri\u00e9t\u00e9 intellectuelle. Toute reproduction, distribution, modification, adaptation, retransmission ou publication, m\u00eame partielle, de ces diff\u00e9rents \u00e9l\u00e9ments est strictement interdite sans l&rsquo;accord pr\u00e9alable \u00e9crit de Eva Vedel.<\/p>\n\n\n\n<hr class=\"wp-block-separator has-alpha-channel-opacity\"\/>\n\n\n\n<h4 class=\"wp-block-heading\">Protection des donn\u00e9es personnelles<\/h4>\n\n\n\n<p>Conform\u00e9ment \u00e0 la loi \u00ab\u00a0Informatique et Libert\u00e9s\u00a0\u00bb et au RGPD, vous disposez d\u2019un droit d\u2019acc\u00e8s, de rectification, de suppression et d\u2019opposition concernant vos donn\u00e9es personnelles. Pour exercer ces droits, vous pouvez nous contacter \u00e0 l&rsquo;adresse contact@evavedel.com.<br>Toutes les informations r\u00e9cup\u00e9r\u00e9es via les formulaires de contact sont destin\u00e9es \u00e0 constituer un fichier de contact pour Eva Vedel, et vos informations ne seront pas diffus\u00e9es.<\/p>\n\n\n\n<hr class=\"wp-block-separator has-alpha-channel-opacity\"\/>\n\n\n\n<h4 class=\"wp-block-heading\">Cookies<\/h4>\n\n\n\n<p>Ce site utilise des cookies pour am\u00e9liorer l&rsquo;exp\u00e9rience utilisateur. En continuant \u00e0 naviguer sur le site, vous acceptez l&rsquo;utilisation de ces cookies. Vous pouvez configurer votre navigateur pour refuser les cookies.<\/p>\n\n\n\n<hr class=\"wp-block-separator has-alpha-channel-opacity\"\/>\n\n\n\n<h4 class=\"wp-block-heading\">Responsabilit\u00e9<\/h4>\n\n\n\n<p>Ce site ne peut \u00eatre tenu responsable des dommages directs ou indirects caus\u00e9s au mat\u00e9riel de l\u2019utilisateur lors de l\u2019acc\u00e8s au site, r\u00e9sultant soit de l\u2019utilisation d\u2019un mat\u00e9riel ne r\u00e9pondant pas aux sp\u00e9cifications techniques n\u00e9cessaires, soit de l\u2019apparition d\u2019un bug ou d\u2019une incompatibilit\u00e9.<\/p>","protected":false},"excerpt":{"rendered":"<p>Mentions l\u00e9gales \u00c9diteur du site Nom ou raison sociale : Eva VedelStatut juridique : Auto-entrepreneurAdresse du si\u00e8ge social : 7 rue de cruchen, 31490 LeguevinT\u00e9l\u00e9phone : +33787063747E-mail : contact@evavedel.comNum\u00e9ro SIRET : 85320055800015 H\u00e9bergeur du site Nom de l\u2019h\u00e9bergeur : OVHSite web : www.ovh.com Propri\u00e9t\u00e9 intellectuelle Tout le contenu pr\u00e9sent sur ce site (textes, images, graphismes, [&hellip;]<\/p>","protected":false},"author":1,"featured_media":0,"parent":0,"menu_order":0,"comment_status":"closed","ping_status":"closed","template":"","meta":{"_themeisle_gutenberg_block_has_review":false,"footnotes":""},"class_list":["post-1328","page","type-page","status-publish","hentry"],"yoast_head":"<!-- This site is optimized with the Yoast SEO plugin v24.2 - https:\/\/yoast.com\/wordpress\/plugins\/seo\/ -->\n<title>Mentions l\u00e9gales - Eva Vedel<\/title>\n<meta name=\"robots\" content=\"index, follow, max-snippet:-1, max-image-preview:large, max-video-preview:-1\" \/>\n<link rel=\"canonical\" href=\"http:\/\/evavedel.com\/en\/mentions-legales\/\" \/>\n<meta property=\"og:locale\" content=\"en_GB\" \/>\n<meta property=\"og:type\" content=\"article\" \/>\n<meta property=\"og:title\" content=\"Mentions l\u00e9gales - Eva Vedel\" \/>\n<meta property=\"og:description\" content=\"Mentions l\u00e9gales \u00c9diteur du site Nom ou raison sociale : Eva VedelStatut juridique : Auto-entrepreneurAdresse du si\u00e8ge social : 7 rue de cruchen, 31490 LeguevinT\u00e9l\u00e9phone : +33787063747E-mail : contact@evavedel.comNum\u00e9ro SIRET : 85320055800015 H\u00e9bergeur du site Nom de l\u2019h\u00e9bergeur : OVHSite web : www.ovh.com Propri\u00e9t\u00e9 intellectuelle Tout le contenu pr\u00e9sent sur ce site (textes, images, graphismes, [&hellip;]\" \/>\n<meta property=\"og:url\" content=\"http:\/\/evavedel.com\/en\/mentions-legales\/\" \/>\n<meta property=\"og:site_name\" content=\"Eva Vedel\" \/>\n<meta property=\"article:modified_time\" content=\"2025-01-14T12:56:59+00:00\" \/>\n<meta name=\"twitter:card\" content=\"summary_large_image\" \/>\n<meta name=\"twitter:label1\" content=\"Estimated reading time\" \/>\n\t<meta name=\"twitter:data1\" content=\"2 minutes\" \/>\n<script type=\"application\/ld+json\" class=\"yoast-schema-graph\">{\"@context\":\"https:\/\/schema.org\",\"@graph\":[{\"@type\":\"WebPage\",\"@id\":\"http:\/\/evavedel.com\/mentions-legales\/\",\"url\":\"http:\/\/evavedel.com\/mentions-legales\/\",\"name\":\"Mentions l\u00e9gales - Eva Vedel\",\"isPartOf\":{\"@id\":\"https:\/\/evavedel.com\/#website\"},\"datePublished\":\"2025-01-14T12:56:58+00:00\",\"dateModified\":\"2025-01-14T12:56:59+00:00\",\"breadcrumb\":{\"@id\":\"http:\/\/evavedel.com\/mentions-legales\/#breadcrumb\"},\"inLanguage\":\"en-GB\",\"potentialAction\":[{\"@type\":\"ReadAction\",\"target\":[\"http:\/\/evavedel.com\/mentions-legales\/\"]}]},{\"@type\":\"BreadcrumbList\",\"@id\":\"http:\/\/evavedel.com\/mentions-legales\/#breadcrumb\",\"itemListElement\":[{\"@type\":\"ListItem\",\"position\":1,\"name\":\"Accueil\",\"item\":\"https:\/\/evavedel.com\/\"},{\"@type\":\"ListItem\",\"position\":2,\"name\":\"Mentions l\u00e9gales\"}]},{\"@type\":\"WebSite\",\"@id\":\"https:\/\/evavedel.com\/#website\",\"url\":\"https:\/\/evavedel.com\/\",\"name\":\"Eva Vedel\",\"description\":\"Designer &amp; artiste\",\"publisher\":{\"@id\":\"https:\/\/evavedel.com\/#\/schema\/person\/600e7bbae59c2b0909798bd750172c2d\"},\"potentialAction\":[{\"@type\":\"SearchAction\",\"target\":{\"@type\":\"EntryPoint\",\"urlTemplate\":\"https:\/\/evavedel.com\/?s={search_term_string}\"},\"query-input\":{\"@type\":\"PropertyValueSpecification\",\"valueRequired\":true,\"valueName\":\"search_term_string\"}}],\"inLanguage\":\"en-GB\"},{\"@type\":[\"Person\",\"Organization\"],\"@id\":\"https:\/\/evavedel.com\/#\/schema\/person\/600e7bbae59c2b0909798bd750172c2d\",\"name\":\"Eva Vedel\",\"image\":{\"@type\":\"ImageObject\",\"inLanguage\":\"en-GB\",\"@id\":\"https:\/\/evavedel.com\/#\/schema\/person\/image\/\",\"url\":\"https:\/\/evavedel.com\/wp-content\/uploads\/2024\/10\/LOGO_Eva-Vedel_2022-2_Plan-de-travail-1-copie.png\",\"contentUrl\":\"https:\/\/evavedel.com\/wp-content\/uploads\/2024\/10\/LOGO_Eva-Vedel_2022-2_Plan-de-travail-1-copie.png\",\"width\":5000,\"height\":5000,\"caption\":\"Eva Vedel\"},\"logo\":{\"@id\":\"https:\/\/evavedel.com\/#\/schema\/person\/image\/\"},\"sameAs\":[\"https:\/\/www.instagram.com\/eva.vedel\/?hl=fr\",\"https:\/\/www.linkedin.com\/in\/evavedel\/\"]}]}<\/script>\n<!-- \/ Yoast SEO plugin. -->","yoast_head_json":{"title":"Mentions l\u00e9gales - Eva Vedel","robots":{"index":"index","follow":"follow","max-snippet":"max-snippet:-1","max-image-preview":"max-image-preview:large","max-video-preview":"max-video-preview:-1"},"canonical":"http:\/\/evavedel.com\/en\/mentions-legales\/","og_locale":"en_GB","og_type":"article","og_title":"Mentions l\u00e9gales - Eva Vedel","og_description":"Mentions l\u00e9gales \u00c9diteur du site Nom ou raison sociale : Eva VedelStatut juridique : Auto-entrepreneurAdresse du si\u00e8ge social : 7 rue de cruchen, 31490 LeguevinT\u00e9l\u00e9phone : +33787063747E-mail : contact@evavedel.comNum\u00e9ro SIRET : 85320055800015 H\u00e9bergeur du site Nom de l\u2019h\u00e9bergeur : OVHSite web : www.ovh.com Propri\u00e9t\u00e9 intellectuelle Tout le contenu pr\u00e9sent sur ce site (textes, images, graphismes, [&hellip;]","og_url":"http:\/\/evavedel.com\/en\/mentions-legales\/","og_site_name":"Eva Vedel","article_modified_time":"2025-01-14T12:56:59+00:00","twitter_card":"summary_large_image","twitter_misc":{"Estimated reading time":"2 minutes"},"schema":{"@context":"https:\/\/schema.org","@graph":[{"@type":"WebPage","@id":"http:\/\/evavedel.com\/mentions-legales\/","url":"http:\/\/evavedel.com\/mentions-legales\/","name":"Mentions l\u00e9gales - Eva Vedel","isPartOf":{"@id":"https:\/\/evavedel.com\/#website"},"datePublished":"2025-01-14T12:56:58+00:00","dateModified":"2025-01-14T12:56:59+00:00","breadcrumb":{"@id":"http:\/\/evavedel.com\/mentions-legales\/#breadcrumb"},"inLanguage":"en-GB","potentialAction":[{"@type":"ReadAction","target":["http:\/\/evavedel.com\/mentions-legales\/"]}]},{"@type":"BreadcrumbList","@id":"http:\/\/evavedel.com\/mentions-legales\/#breadcrumb","itemListElement":[{"@type":"ListItem","position":1,"name":"Accueil","item":"https:\/\/evavedel.com\/"},{"@type":"ListItem","position":2,"name":"Mentions l\u00e9gales"}]},{"@type":"WebSite","@id":"https:\/\/evavedel.com\/#website","url":"https:\/\/evavedel.com\/","name":"Eva Vedel","description":"Designer &amp; artiste","publisher":{"@id":"https:\/\/evavedel.com\/#\/schema\/person\/600e7bbae59c2b0909798bd750172c2d"},"potentialAction":[{"@type":"SearchAction","target":{"@type":"EntryPoint","urlTemplate":"https:\/\/evavedel.com\/?s={search_term_string}"},"query-input":{"@type":"PropertyValueSpecification","valueRequired":true,"valueName":"search_term_string"}}],"inLanguage":"en-GB"},{"@type":["Person","Organization"],"@id":"https:\/\/evavedel.com\/#\/schema\/person\/600e7bbae59c2b0909798bd750172c2d","name":"Eva Vedel","image":{"@type":"ImageObject","inLanguage":"en-GB","@id":"https:\/\/evavedel.com\/#\/schema\/person\/image\/","url":"https:\/\/evavedel.com\/wp-content\/uploads\/2024\/10\/LOGO_Eva-Vedel_2022-2_Plan-de-travail-1-copie.png","contentUrl":"https:\/\/evavedel.com\/wp-content\/uploads\/2024\/10\/LOGO_Eva-Vedel_2022-2_Plan-de-travail-1-copie.png","width":5000,"height":5000,"caption":"Eva Vedel"},"logo":{"@id":"https:\/\/evavedel.com\/#\/schema\/person\/image\/"},"sameAs":["https:\/\/www.instagram.com\/eva.vedel\/?hl=fr","https:\/\/www.linkedin.com\/in\/evavedel\/"]}]}},"_links":{"self":[{"href":"https:\/\/evavedel.com\/en\/wp-json\/wp\/v2\/pages\/1328","targetHints":{"allow":["GET"]}}],"collection":[{"href":"https:\/\/evavedel.com\/en\/wp-json\/wp\/v2\/pages"}],"about":[{"href":"https:\/\/evavedel.com\/en\/wp-json\/wp\/v2\/types\/page"}],"author":[{"embeddable":true,"href":"https:\/\/evavedel.com\/en\/wp-json\/wp\/v2\/users\/1"}],"replies":[{"embeddable":true,"href":"https:\/\/evavedel.com\/en\/wp-json\/wp\/v2\/comments?post=1328"}],"version-history":[{"count":2,"href":"https:\/\/evavedel.com\/en\/wp-json\/wp\/v2\/pages\/1328\/revisions"}],"predecessor-version":[{"id":1330,"href":"https:\/\/evavedel.com\/en\/wp-json\/wp\/v2\/pages\/1328\/revisions\/1330"}],"wp:attachment":[{"href":"https:\/\/evavedel.com\/en\/wp-json\/wp\/v2\/media?parent=1328"}],"curies":[{"name":"wp","href":"https:\/\/api.w.org\/{rel}","templated":true}]}}