{"id":20,"date":"2022-06-06T19:36:15","date_gmt":"2022-06-06T17:36:15","guid":{"rendered":"https:\/\/evavedel.com\/?page_id=20"},"modified":"2025-12-03T17:43:08","modified_gmt":"2025-12-03T16:43:08","slug":"biographie","status":"publish","type":"page","link":"https:\/\/evavedel.com\/en\/biographie\/","title":{"rendered":"Biographie"},"content":{"rendered":"<div class=\"wp-block-group alignwide is-layout-flow wp-block-group-is-layout-flow\" style=\"margin-top:var(--wp--preset--spacing--50);margin-bottom:var(--wp--preset--spacing--50);padding-right:var(--wp--preset--spacing--50);padding-left:var(--wp--preset--spacing--50)\">\n<div class=\"wp-block-columns alignwide is-layout-flex wp-container-core-columns-is-layout-28f84493 wp-block-columns-is-layout-flex\">\n<div class=\"wp-block-column is-layout-flow wp-block-column-is-layout-flow\" style=\"flex-basis:33.33%\">\n<figure class=\"wp-block-image size-large\"><img loading=\"lazy\" decoding=\"async\" width=\"768\" height=\"1024\" src=\"http:\/\/evavedel.com\/wp-content\/uploads\/2024\/01\/Q322-768x1024.jpg\" alt=\"\" class=\"wp-image-641\" style=\"aspect-ratio:3\/4;object-fit:contain\" srcset=\"https:\/\/evavedel.com\/wp-content\/uploads\/2024\/01\/Q322-768x1024.jpg 768w, https:\/\/evavedel.com\/wp-content\/uploads\/2024\/01\/Q322-225x300.jpg 225w, https:\/\/evavedel.com\/wp-content\/uploads\/2024\/01\/Q322-1152x1536.jpg 1152w, https:\/\/evavedel.com\/wp-content\/uploads\/2024\/01\/Q322-1536x2048.jpg 1536w, https:\/\/evavedel.com\/wp-content\/uploads\/2024\/01\/Q322-1792x2389.jpg 1792w, https:\/\/evavedel.com\/wp-content\/uploads\/2024\/01\/Q322-scaled.jpg 1920w\" sizes=\"auto, (max-width: 768px) 100vw, 768px\" \/><\/figure>\n<\/div>\n\n\n\n<div class=\"wp-block-column is-layout-flow wp-block-column-is-layout-flow\" style=\"flex-basis:66.66%\">\n<h2 id=\"wp-block-themeisle-blocks-advanced-heading-7d2f9038\" class=\"wp-block-themeisle-blocks-advanced-heading wp-block-themeisle-blocks-advanced-heading-7d2f9038\">Biographie<\/h2>\n\n\n\n<p>Je suis designer et artiste, ma recherche n\u00e9e de la po\u00e9sie entre mati\u00e8re et technologie. Mes comp\u00e9tences d&rsquo;artisan-num\u00e9rique contribuent \u00e0 mes diff\u00e9rentes activit\u00e9s professionnelles et de recherche :<\/p>\n\n\n\n<p>\ud83c\udfc6 Designer d&rsquo;objets personnalis\u00e9s<br>En tant que designer ind\u00e9pendant, je cr\u00e9e des troph\u00e9es, m\u00e9dailles et cadeaux d&rsquo;entreprise sur mesure.<\/p>\n\n\n\n<p>\ud83c\udfa8 Artiste et co-fondatrice du <a href=\"http:\/\/collectifkairos.com\">Collectif Ka\u00efros<\/a><br>En duo d&rsquo;artiste avec <a href=\"http:\/\/ameliesamson.com\">Am\u00e9lie Samson<\/a>, je cr\u00e9e des \u0153uvres arts-sciences. Nos mots d\u2019ordres sont : algorithme, art g\u00e9n\u00e9ratif et temporalit\u00e9.<\/p>\n\n\n\n<p>\u270f\ufe0f Designer ind\u00e9pendante et chercheuse<br>Je suis designer d&rsquo;objets et \u00e9tudiante-chercheuse en design au sein du programme de recherche <em>Object, Craft and computation<\/em> o\u00f9 je travaille sur la <a href=\"http:\/\/dataphys.org\" target=\"_blank\" rel=\"noreferrer noopener\">physicalisation de donn\u00e9es<\/a>.<\/p>\n\n\n\n<div class=\"wp-block-buttons is-layout-flex wp-block-buttons-is-layout-flex\">\n<div class=\"wp-block-button\"><a class=\"wp-block-button__link has-foreground-color has-primary-background-color has-text-color has-background wp-element-button\" href=\"mailto:contact@evavedel.com\" target=\"_blank\" rel=\"noreferrer noopener\">Contactez moi<\/a><\/div>\n<\/div>\n<\/div>\n<\/div>\n<\/div>\n\n\n\n<div class=\"wp-block-group alignwide is-layout-constrained wp-container-core-group-is-layout-11c1ca01 wp-block-group-is-layout-constrained\" style=\"padding-right:var(--wp--preset--spacing--50);padding-left:var(--wp--preset--spacing--50)\">\n<div class=\"wp-block-columns alignwide is-layout-flex wp-container-core-columns-is-layout-28f84493 wp-block-columns-is-layout-flex\">\n<div class=\"wp-block-column is-layout-flow wp-block-column-is-layout-flow\">\n<div class=\"wp-block-group alignwide is-style-tove-shaded has-light-gray-background-color has-background is-layout-flow wp-block-group-is-layout-flow\">\n<h2 class=\"wp-block-heading\">Formations<\/h2>\n\n\n\n<p><strong>PHd \/<\/strong> <strong>DSRD design<\/strong> \/ <sub>2024<\/sub><br><sub>ECOLAB ESAD Orl\u00e9ans<\/sub><br>Dipl\u00f4me sup\u00e9rieur de recherche en design (bac +8), obtenu avec mention.<\/p>\n\n\n\n<p><strong>DNSEP design des communs<\/strong> \/ <sub>2021<\/sub><br><sub>ESAD Orl\u00e9ans<\/sub><br>Dipl\u00f4me bac +5, direction Sylvia Fredriksson et Caroline Zahnd. F\u00e9licitations du jury.<\/p>\n\n\n\n<p><strong>DNSEP design des communs, collectif Ka\u00efros<\/strong> \/ <sub>2021<\/sub><br><sub>ESAD Orl\u00e9ans<\/sub><br>Pr\u00e9sentation en tant que collectif Ka\u00efros. F\u00e9licitations du jury.<\/p>\n\n\n\n<p><strong>DNA design objet et espace<\/strong> \/ <sub>2019<\/sub><br><sub>ESAD Orl\u00e9ans<\/sub><br>Dipl\u00f4me bac +3, direction Olivier Bouton.<\/p>\n\n\n\n<p><strong>CPGE arts &amp; design<\/strong> \/ <sub>2016 &#8211; 2018<\/sub><br><sub>Rive-gauche &#8211; Toulouse<\/sub><br>Classe pr\u00e9paratoire \u00e0 l&rsquo;ENS Cachan (bac +2).<\/p>\n\n\n\n<p><strong>Baccalaur\u00e9at STi2D, ITEC<\/strong> \/ <sub>2016<\/sub><br><sub>Victor Hugo &#8211; Colomiers<\/sub><br>Bac STi2D, option technologies et \u00e9co-conception, mention tr\u00e8s bien.<\/p>\n<\/div>\n\n\n\n<div class=\"wp-block-group alignwide is-style-tove-shaded has-light-gray-background-color has-background is-layout-flow wp-block-group-is-layout-flow\">\n<h2 class=\"wp-block-heading\" style=\"line-height:1.5\">Entrepreneuriat<\/h2>\n\n\n\n<p>*<em>Cr\u00e9ation de mon entreprise en ao\u00fbt 2019.<\/em><\/p>\n\n\n\n<p><strong>Cr\u00e9atrice d&rsquo;objets personnalis\u00e9s<\/strong> \/ <sub>dec. 2021 &#8211; auj.<\/sub><br>Troph\u00e9es, m\u00e9dailles et cadeaux d&rsquo;entreprises personnalis\u00e9s et fabriqu\u00e9s en France.<\/p>\n\n\n\n<p><strong>Graphiste m\u00e9diation scientifique<\/strong><br>J&rsquo;ai r\u00e9alis\u00e9 plusieurs missions de graphisme pour le CNRS de Toulouse : data visualisation et mise en page de documents.<\/p>\n\n\n\n<p><strong>Graphiste \u00e9dition<\/strong> \/ <sub>2017 &#8211; auj.<\/sub><br>R\u00e9alisation des catalogues bisannuels depuis 2017 pour Quatre-Vingt Jours (grossiste en pr\u00eat-\u00e0-porter), et autres supports de communication.<\/p>\n\n\n\n<p><strong>Conception de mobiliers<\/strong> \/ <sub>nov. 2019<\/sub><br>Conception d&rsquo;une gamme de mobilier pour A Piece Of Sky, \u00e9dit\u00e9s chez Voltex.<\/p>\n\n\n\n<p><strong>Incubateur P\u00e9pite<\/strong> \/ <sub>ao\u00fbt 2019<br><\/sub><sup>Toulouse<\/sup><br>Cr\u00e9ation du mon autoentrepreneur et obtention du statut \u00e9tudiant-entrepreneur via le programme P\u00e9pite.<\/p>\n<\/div>\n\n\n\n<div class=\"wp-block-group alignwide is-style-tove-shaded has-light-gray-background-color has-background is-layout-flow wp-block-group-is-layout-flow\">\n<h2 class=\"wp-block-heading\">Emplois<\/h2>\n\n\n\n<p><strong>Designer de donn\u00e9es<\/strong> \/ <sub>mars. 2023 &#8211; juin 2023<\/sub><br><sup>Centre national de recherche scientifique (C.N.R.S.)<\/sup><br>Designer de supports de m\u00e9diation scientifique : sc\u00e9nographie d&rsquo;exposition, data visualisation et data physicalisation. Projet <a href=\"https:\/\/airgeo.hypotheses.org\/category\/airgeo\">AirGeo<\/a>.<br>Mission CDD 4 mois.<\/p>\n\n\n\n<p><strong>Designer mobilier<\/strong> \/ <sub>fev. 2020 &#8211; ao\u00fbt 2020<\/sub><br><sup>A Piece Of Sky, Airbus<\/sup><br>Chef de projet design du dessin \u00e0 la fabrication. Cr\u00e9ation de mobiliers haut de gamme \u00e0 partir de pi\u00e8ces d&rsquo;avion d\u00e9chues. Stage.<br><\/p>\n<\/div>\n\n\n\n<div class=\"wp-block-group alignwide is-style-tove-shaded has-light-gray-background-color has-background is-layout-flow wp-block-group-is-layout-flow\">\n<h2 class=\"wp-block-heading\">Interventions &amp; conf\u00e9rences<\/h2>\n\n\n\n<p><strong>20 min pour comprendre <\/strong>\/ <sub>octobre 2024<\/sub><br><sup>Quai des Savoirs, Toulouse<\/sup><br>\u00ab\u00a0Data-sculpture : mat\u00e9rialiser et incarner les donn\u00e9es\u00a0\u00bb<\/p>\n\n\n\n<p><strong>Conf\u00e9rence \u00ab\u00a0Ka\u00efros, pr\u00e9sentation du collectif\u00a0\u00bb <\/strong>\/ <sub>fev 2024<\/sub><br><sup>Caf\u00e9 Atmosph\u00e8re, Vaour<\/sup><br>Pr\u00e9sentation dans le cadre du s\u00e9jour de recherche sur le design fun\u00e9raire.<\/p>\n\n\n\n<p><strong>Animation \u00e0 la nuit europ\u00e9enne des chercheurs <\/strong>\/ <sub>29 sept. 2023<\/sub><br><sup>Cit\u00e9 de l&rsquo;Espace, Toulouse<\/sup><br>M\u00e9diation scientifique du projet AirG\u00e9o avec le laboratoire du GET de Toulouse.<\/p>\n\n\n\n<p><strong>Conf\u00e9rence<\/strong> <strong>\u00ab\u00a0La recherche cr\u00e9ative ou la cr\u00e9ativit\u00e9 dans la recherche\u00a0\u00bb, unit\u00e9 de recherche LASLAR<\/strong> \/ <sub>mai 2023<\/sub><br><sup>Maison de la recherche en sciences humaines, Caen<\/sup><br>Intervention en tant que Collectif Ka\u00efros \u00e0 la journ\u00e9e doctorale&nbsp;de l&rsquo;unit\u00e9 de recherche LASLAR.<\/p>\n\n\n\n<p><strong>Conf\u00e9rence<\/strong> <strong>\u00ab\u00a0Design du Ka\u00efros\u00a0\u00bb<\/strong> \/ <sub>fev. 2023<\/sub><br><sup>Ecole sup\u00e9rieure d&rsquo;art et de design, Orl\u00e9ans.<\/sup><br>Conf\u00e9rence en tant que Collectif Ka\u00efros.<\/p>\n\n\n\n<p><strong>Conf\u00e9rence<\/strong>&nbsp;<strong><a href=\"https:\/\/www.opendatafrance.net\/2022\/10\/12\/evenement-culture-day-01-12-2022\/\">\u00ab\u00a0DATA_Sculptures : mat\u00e9rialiser et incarner des donn\u00e9es\u00a0\u00bb<\/a><\/strong> \/ <sub>dec. 2022<\/sub><br><sup>Open Data France, Leonard, Paris<\/sup><br>Intervention en tant que programme de recherche \u00ab Objects, Crafts and Computation \u00bb ECOLAB Orl\u00e9ans.<\/p>\n<\/div>\n\n\n\n<div class=\"wp-block-group alignwide is-style-tove-shaded has-light-gray-background-color has-background is-layout-flow wp-block-group-is-layout-flow\">\n<h2 class=\"wp-block-heading\">Bourses &amp; distinctions<\/h2>\n\n\n\n<p><strong>Aide \u00e0 la cr\u00e9ation <\/strong>\/ <sub>2024<\/sub><br><sup>Les Tanneries, Centre d&rsquo;art d&rsquo;int\u00e9r\u00eat national, Amilly<\/sup><br>Bourse pour le projet <em>Mutation<\/em>.<\/p>\n\n\n\n<p><strong>Prix Arte <\/strong>\/ <sub>fev 2022<\/sub><br><sup>Grand Palais Eph\u00e9m\u00e8re, Paris<\/sup><br>Prix Arte du projet Europa 2022 du programme de recherche <em>OCC<\/em> ECOLAB Orl\u00e9ans.<\/p>\n<\/div>\n\n\n\n<div class=\"wp-block-group alignwide is-style-tove-shaded has-light-gray-background-color has-background is-layout-flow wp-block-group-is-layout-flow\">\n<h2 class=\"wp-block-heading\">Presse<\/h2>\n\n\n\n<p><strong><a href=\"https:\/\/www.cfmradio.fr\/le-design-funeraire-commemoration-et-technologie\" target=\"_blank\" rel=\"noreferrer noopener\">Podcast Design fun\u00e9raire<\/a>, Cfm radio <\/strong>\/ <sub>mars 2024<\/sub><br>Intervention en tant que Collectif Ka\u00efros autour de notre projet de recherche sur le design fun\u00e9raire.<\/p>\n\n\n\n<p><strong>Article <a href=\"https:\/\/www.ladepeche.fr\/2024\/03\/06\/une-stele-commemorative-pour-didier-11807554.php\" target=\"_blank\" rel=\"noreferrer noopener\">\u00ab\u00a0Une st\u00e8le comm\u00e9morative pour Didier\u00a0\u00bb<\/a><\/strong>, La D\u00e9p\u00eache \/ <sub>mars 2024<\/sub><br>Article par Boris Repac.<\/p>\n\n\n\n<p><strong>Article \u00ab\u00a0<a href=\"https:\/\/www.lechorepublicain.fr\/chartres-28000\/actualites\/eva-vedel-a-cree-dessine-et-fabrique-les-trophees-des-entreprises-d-eure-et-loir-2023_14373071\/\" target=\"_blank\" rel=\"noreferrer noopener\">Troph\u00e9es des entreprises d&rsquo;Eure-et-Loir 2023<\/a><\/strong>\u00ab\u00a0<strong>, L&rsquo;\u00e9chos <\/strong>\/ <sub>sept. 2023<\/sub><br>Article sur mon travail de designer de troph\u00e9es.<\/p>\n\n\n\n<p><strong>Article \u00ab\u00a0<a href=\"https:\/\/www.larep.fr\/orleans-45000\/loisirs\/trophees-des-entreprises-eva-vedel-de-l-esad-d-orleans-a-cree-les-data-sculptures-decernees-aux-laureats_14231916\/\" target=\"_blank\" rel=\"noreferrer noopener\">Les data-sculptures d\u00e9cern\u00e9es aux laur\u00e9ats<\/a>\u00a0\u00bb , La Rep. du Centre <\/strong>\/ dec. 2022<br>Article sur mon travail de designer de troph\u00e9es.<\/p>\n<\/div>\n<\/div>\n\n\n\n<div class=\"wp-block-column is-layout-flow wp-block-column-is-layout-flow\">\n<div class=\"wp-block-group alignwide is-style-tove-shaded has-light-gray-background-color has-background is-layout-flow wp-block-group-is-layout-flow\">\n<h2 class=\"wp-block-heading\">Collectifs de recherche<\/h2>\n\n\n\n<p><strong>Collectif Ka\u00efros<\/strong> \/ <sub>2021 &#8211; auj<\/sub><br><sup>Toulouse<\/sup><br>Co-fondation du <a href=\"http:\/\/collectifkairos.com\" target=\"_blank\" rel=\"noreferrer noopener\">collectif Ka\u00efros<\/a> avec Am\u00e9lie Samson.<\/p>\n\n\n\n<p><strong>Objects, Craft and Computation<\/strong> \/ <sub>sep. 2021 &#8211; auj.<\/sub><br><sup>ECOLAB ESAD Orl\u00e9ans<\/sup><br>Membre du programme de recherche de l&rsquo;ECOLAB. <a href=\"http:\/\/occ.esadorleans.fr\" target=\"_blank\" rel=\"noreferrer noopener\">Site web du PAD<\/a> \/ <a href=\"https:\/\/www.instagram.com\/pad_occ\/?hl=fr\" target=\"_blank\" rel=\"noreferrer noopener\">Instagram du PAD<\/a>.<\/p>\n<\/div>\n\n\n\n<div class=\"wp-block-group alignwide is-style-tove-shaded has-light-gray-background-color has-background is-layout-flow wp-block-group-is-layout-flow\">\n<h2 class=\"wp-block-heading\">Activit\u00e9s d&rsquo;enseignement<\/h2>\n\n\n\n<p><strong>Animation impression 3D c\u00e9ramique<\/strong> \/ <sub>oct. 2024<\/sub><br><sup>La Fabrique Caylus<\/sup><br>Animation \u00e0 l&rsquo;occasion de la f\u00eate du FabLab.<\/p>\n\n\n\n<p><strong>Animation impression 3D c\u00e9ramique<\/strong> \/ <sub>mai 2024<\/sub><br><sup>RoseLab, Toulouse.<\/sup><br>Animation durant 3 jours \u00e0 l&rsquo;occasion sur Faire Festival 2024.<\/p>\n\n\n\n<p><strong>Formation impression 3D c\u00e9ramique<\/strong> \/ <sub>novembre 2023<\/sub><br><sup>La Fabrique Caylus<\/sup><br>Animation d&rsquo;un atelier sur 2 jours d&rsquo;impression 3D c\u00e9ramique dans un fablab.<\/p>\n\n\n\n<p><strong>Workshop collaboration Shiseido<\/strong> \/ <sub>mars 2022<\/sub><br><sub>ESAD Orl\u00e9ans et Shiseido<\/sub><br>Cr\u00e9ation et animation d&rsquo;un workshop avec Lucie Bretonneau : parfum et \u00e9motion, rendre visible l&rsquo;invisible. En collaboration avec l&rsquo;ESAD et les cosm\u00e9tiques Shiseido.<\/p>\n\n\n\n<p><strong>Workshops Les formes du temps<\/strong> \/ <sub>2021 &#8211; 2022<\/sub><br><sub>ESAD Orl\u00e9ans<\/sub><br>Cr\u00e9ation et animation des workshop \u00ab\u00a0Les formes du temps\u00a0\u00bb en tant que membre du collectif Ka\u00efros. Travail en atelier c\u00e9ramique.<\/p>\n\n\n\n<p><strong>Workshop Sculpture de donn\u00e9es : \u00e0 la mani\u00e8re des Incas<\/strong> \/ <sub>juill. 2021<\/sub><br><sub>ESAD Orl\u00e9ans<\/sub><br>Cr\u00e9ation et animation d&rsquo;un workshop avec un public de 7 \u00e0 12 ans en atelier c\u00e9ramique.<\/p>\n\n\n\n<p><strong>Professeure de dessin<\/strong> \/ <sub>2018<br>Toulouse<\/sub><br>Cours particuliers de dessin et d&rsquo;arts plastiques donn\u00e9es \u00e0 des enfants de 10 et 14 ans.<\/p>\n<\/div>\n\n\n\n<div class=\"wp-block-group alignwide is-style-tove-shaded has-light-gray-background-color has-background is-layout-flow wp-block-group-is-layout-flow\">\n<h2 class=\"wp-block-heading\">R\u00e9sidences d&rsquo;artiste<\/h2>\n\n\n\n<p><strong>GAES#4 : <a href=\"https:\/\/quaidessavoirs.toulouse-metropole.fr\/arts-sciences\/gaes-groupe-artistique-dexploration-scientifique\/\">Groupe artistique d\u2019exploration scientifique<\/a><\/strong> \/ <sub>25-2026<\/sub><br><sup>Quai des Savoirs Toulouse + sc\u00e8ne Nationale Hexagone, Grenoble<\/sup><br>Artiste invit\u00e9 au GAES, un\u00a0temps d\u2019exploration scientifique\u00a0\u00e0 destination des artistes, organis\u00e9 par le <a href=\"https:\/\/quaidessavoirs.toulouse-metropole.fr\">Quai des Savoirs<\/a> et l\u2019<a href=\"https:\/\/www.theatre-hexagone.eu\/\">Hexagone \u2013 Sc\u00e8ne nationale Arts Sciences<\/a>.<\/p>\n\n\n\n<p><strong>R\u00e9sidence arts-sciences <a href=\"https:\/\/www.ard-matex.fr\" target=\"_blank\" rel=\"noreferrer noopener\">MATEX<\/a><\/strong> \/ <sub>fev. &#8211; avril 2024<\/sub><br><sup>CNRS Orl\u00e9ans<\/sup><br>R\u00e9sidence en duo d&rsquo;artiste en tant que<a href=\"https:\/\/www.instagram.com\/collectifkairos\/?hl=fr\" target=\"_blank\" rel=\"noreferrer noopener\">Collectif Ka\u00efros<\/a> au sein des <a href=\"https:\/\/www.ard-matex.fr\" target=\"_blank\" rel=\"noreferrer noopener\">laboratoire du CNRS Orl\u00e9ans<\/a>.<\/p>\n\n\n\n<p><strong>S\u00e9jour de recherche, design fun\u00e9raire<\/strong> \/ <sub>fev. 2024<\/sub><br><sup>Vaour, Occitanie.<\/sup><br>En tant que Collectif Ka\u00efros sur le projet Data_vessel.<br><\/p>\n<\/div>\n\n\n\n<div class=\"wp-block-group alignwide is-style-tove-shaded has-light-gray-background-color has-background is-layout-flow wp-block-group-is-layout-flow\">\n<h2 class=\"wp-block-heading\">Expositions<\/h2>\n\n\n\n<p><strong>Lumi\u00e8res sur le quai<\/strong> \/ <sub>oct. 2024<\/sub><br><sup>Quai des savoirs, Toulouse<\/sup><br>\u0152uvre <em>Mutations<\/em>.<\/p>\n\n\n\n<p><strong><a href=\"https:\/\/www.gaite-lyrique.net\/evenement\/eurofabrique\">Eu.topia<\/a><\/strong> \/ <sub>fev. 2024<\/sub><br><sup>Ga\u00eet\u00e9 Lyrique, Paris<\/sup><br>\u0152uvre <em>Europa 2022<\/em>.<\/p>\n\n\n\n<p><strong><strong><a href=\"https:\/\/www.lestanneries.fr\/exposition\/displayers\/\">Dis[players]<\/a><\/strong> <\/strong>\/ <sub>fev. 2024<\/sub><br><sup>Les Tanneries, Centre d&rsquo;art d&rsquo;int\u00e9r\u00eat national, Amilly<\/sup><br>\u0152uvre <em>Mutation<\/em>.<\/p>\n\n\n\n<p><strong>Par le prisme du design (France Design Week) <\/strong>\/ <sub>sept. 2023<\/sub><br><sup>Ecole de Cond\u00e9, Toulouse<\/sup><br>Exposition de pi\u00e8ces en c\u00e9ramique. Ev\u00e8nement organis\u00e9 par Design Occitanie.<\/p>\n\n\n\n<p><strong>Les Formes du design (France Design Week) <\/strong>\/ <sub>sept. 2023<\/sub><br><sup>RoseLab, Toulouse.<\/sup><br>Exposition de pi\u00e8ces en c\u00e9ramique.<\/p>\n\n\n\n<p><strong>Jean Bardin aujourd&rsquo;hui <\/strong>\/ <sub>avril 2023<\/sub><br><sup>Mus\u00e9e des Beaux-Arts d&rsquo;Orl\u00e9ans<\/sup><br>Exposition de pi\u00e8ces en c\u00e9ramique.<\/p>\n\n\n\n<p><strong>U.S.B. #4 Donn\u00e9es brutes<\/strong> \/ <sup><sub>fev. 2023<\/sub><\/sup><br><sub>Galerie de l&rsquo;ESAD, 14 rue Dupanloup 45000 Orl\u00e9ans<\/sub><br>Exposition r\u00e9trospective du travail du Collectif Ka\u00efros.<\/p>\n\n\n\n<p><strong>Digital Soba Choko<\/strong> \/ <sub>dec. 2022<\/sub><br><sup>Centre de c\u00e9ramique contemporaine de La Borne<\/sup><br>Exposition avec le laboratoire de recherche OCC.<\/p>\n\n\n\n<p><strong>U.S.B. #2<\/strong> \/ <sub>oct. 2022<\/sub><br><sub>Galerie de l&rsquo;ESAD, 14 rue Dupanloup 45000 Orl\u00e9ans<\/sub><br>Exposition en tant que Collectif Ka\u00efros.<\/p>\n\n\n\n<p><strong>Festival HopHopHop<\/strong> \/ <sub>sept. 2022<\/sub><br><sub>Galerie de l&rsquo;ESAD, 14 rue Dupanloup 45000 Orl\u00e9ans<\/sub><br>Exposition de pi\u00e8ces en c\u00e9ramique.<\/p>\n\n\n\n<p><strong>Exposition Titre ?<\/strong> \/ <sub>mai. 2022<\/sub><br><sub>Centre d&rsquo;art Transpalette, Bourges.<\/sub><br><a href=\"https:\/\/esadorleans.fr\/exposition-titre-a-trouver\/\">Exposition<\/a> du projet Dataglyphe.zip.<\/p>\n\n\n\n<p><strong>Exposition Premier Printemps<\/strong> \/ <sub>avril. 2022<\/sub><br><sub>Galerie d&rsquo;art contemporain POCTB, Orl\u00e9ans.<\/sub><br>Exposition du projet Vanit\u00e9 num\u00e9rique.<\/p>\n\n\n\n<p><strong>Exposition Search bar # 4 &#8211; Tant qu&rsquo;il y aura des fleurs<\/strong> \/ <sub>mars. 2022<\/sub><br><sub>Coll\u00e9giale Saint-Pierre-le-Puellier, Orl\u00e9ans.<\/sub><br><a href=\"https:\/\/esadorleans.fr\/search_bar_2_exposition_collegiale\/\" target=\"_blank\" rel=\"noreferrer noopener\">Exposition<\/a> du projet Dataglyphe.zip.<\/p>\n\n\n\n<p><strong>Exposition Eurofabrique<\/strong> \/ <sub>fev. 2022<\/sub><br><sub>Grand Palais Eph\u00e9m\u00e8re, Paris.<\/sub><br><a href=\"https:\/\/esadorleans.fr\/eurofabrique-europa-2022\/\">Exposition<\/a> du projet Europa 2022.<\/p>\n\n\n\n<p><strong>Exposition Search bar # 2 &#8211; une exposition de l&rsquo;ECOLAB<\/strong> \/ <sub>dec. 2021<\/sub><br><sub>Th\u00e9\u00e2tre d&rsquo;Orl\u00e9ans.<\/sub><br><a href=\"https:\/\/esadorleans.fr\/search_bar_2_exposition_ecolab\/\" target=\"_blank\" rel=\"noreferrer noopener\">Exposition<\/a> collective du programme de recherche OCC.<\/p>\n\n\n\n<p><strong>Exposition Search bar # 1<\/strong> \/ <sub>sept. 2021<\/sub><br><sub>Galerie de l&rsquo;ESAD, 14 rue Dupanloup 45000 Orl\u00e9ans<\/sub><br><a rel=\"noreferrer noopener\" href=\"https:\/\/esadorleans.fr\/uncool-memories-2-pad-objects-crafts-computation\/\" target=\"_blank\">Exposition<\/a> collective du programme de recherche OCC.<\/p>\n\n\n\n<p><strong>Uncool memories # 5<\/strong> <strong>&#8211;<\/strong> <strong>tiens ! un design passe<\/strong> \/ <sub>juin 2021<\/sub><br><sub>Galerie de l\u2019\u00c9cole nationale sup\u00e9rieure d\u2019architecture de Paris-Val de Seine.<\/sub><br><a rel=\"noreferrer noopener\" href=\"https:\/\/esadorleans.fr\/uncool-memories-5-tiens-un-design-passe\/\" target=\"_blank\">Exposition<\/a> du projet Ka\u00efros.<\/p>\n\n\n\n<p><strong>Uncool memories # 2<\/strong> \/ <sub>dec. 2020<\/sub><br><sub>Galerie de l&rsquo;ESAD, 14 rue Dupanloup 45000 Orl\u00e9ans<\/sub><br><a rel=\"noreferrer noopener\" href=\"https:\/\/francedesignweek.fr\/evenements\/search-bar-1-projets-de-diplomes-de-lesad-orleans\/\" target=\"_blank\">Exposition<\/a> du projet Dataglyphe.zip.<\/p>\n<\/div>\n<\/div>\n<\/div>\n<\/div>\n\n\n\n<div style=\"height:86px\" aria-hidden=\"true\" class=\"wp-block-spacer\"><\/div>\n\n\n\n<div id=\"wp-block-themeisle-blocks-advanced-columns-678cc482\" class=\"wp-block-themeisle-blocks-advanced-columns alignfull has-1-columns has-desktop-equal-layout has-tablet-equal-layout has-mobile-collapsedRows-layout has-reverse-columns-mobile has-vertical-bottom ticss-c00aadba\"><div class=\"wp-block-themeisle-blocks-advanced-columns-overlay\"><\/div><div class=\"innerblocks-wrap\">\n<div id=\"wp-block-themeisle-blocks-advanced-column-4d412c51\" class=\"wp-block-themeisle-blocks-advanced-column\">\n<h2 id=\"wp-block-themeisle-blocks-advanced-heading-fb3c7a39\" class=\"wp-block-themeisle-blocks-advanced-heading wp-block-themeisle-blocks-advanced-heading-fb3c7a39\">Mon portfolio<\/h2>\n\n\n\n<p class=\"has-text-align-center has-text-color\" style=\"color:#fefefe\">C\u00e9ramique, art g\u00e9n\u00e9ratif, design param\u00e9trique&#8230;<\/p>\n\n\n\n<div class=\"wp-block-buttons is-content-justification-center is-layout-flex wp-container-core-buttons-is-layout-a89b3969 wp-block-buttons-is-layout-flex\">\n<div class=\"wp-block-button is-style-primary\"><a class=\"wp-block-button__link wp-element-button\" href=\"https:\/\/evavedel.com\/en\/archives-projets\/\">D\u00e9couvrir<\/a><\/div>\n<\/div>\n<\/div>\n<\/div><\/div>\n\n\n\n<div style=\"height:86px\" aria-hidden=\"true\" class=\"wp-block-spacer\"><\/div>","protected":false},"excerpt":{"rendered":"<p>Je suis designer et artiste, ma recherche n\u00e9e de la po\u00e9sie entre mati\u00e8re et technologie. Mes comp\u00e9tences d&rsquo;artisan-num\u00e9rique contribuent \u00e0 mes diff\u00e9rentes activit\u00e9s professionnelles et de recherche : \ud83c\udfc6 Designer d&rsquo;objets personnalis\u00e9sEn tant que designer ind\u00e9pendant, je cr\u00e9e des troph\u00e9es, m\u00e9dailles et cadeaux d&rsquo;entreprise sur mesure. \ud83c\udfa8 Artiste et co-fondatrice du Collectif Ka\u00efrosEn duo d&rsquo;artiste [&hellip;]<\/p>","protected":false},"author":1,"featured_media":0,"parent":0,"menu_order":0,"comment_status":"closed","ping_status":"closed","template":"wp-custom-template-pages-artiste","meta":{"_themeisle_gutenberg_block_has_review":false,"footnotes":""},"class_list":["post-20","page","type-page","status-publish","hentry"],"yoast_head":"<!-- This site is optimized with the Yoast SEO plugin v24.2 - https:\/\/yoast.com\/wordpress\/plugins\/seo\/ -->\n<title>Biographie - Eva Vedel designer et artiste | data physicalization, art, algorithme, design<\/title>\n<meta name=\"description\" content=\"Mon Cv. Formation impression 3D c\u00e9ramique. ESAD Orl\u00e9ans. Designer \u00e0 Toulouse. Data physicalization. DSRD. Recherche en design. DNSEP design.\" \/>\n<meta name=\"robots\" content=\"index, follow, max-snippet:-1, max-image-preview:large, max-video-preview:-1\" \/>\n<link rel=\"canonical\" href=\"https:\/\/evavedel.com\/en\/biographie\/\" \/>\n<meta property=\"og:locale\" content=\"en_GB\" \/>\n<meta property=\"og:type\" content=\"article\" \/>\n<meta property=\"og:title\" content=\"Biographie - Eva Vedel designer et artiste | data physicalization, art, algorithme, design\" \/>\n<meta property=\"og:description\" content=\"Mon Cv. Formation impression 3D c\u00e9ramique. ESAD Orl\u00e9ans. Designer \u00e0 Toulouse. Data physicalization. DSRD. Recherche en design. DNSEP design.\" \/>\n<meta property=\"og:url\" content=\"https:\/\/evavedel.com\/en\/biographie\/\" \/>\n<meta property=\"og:site_name\" content=\"Eva Vedel\" \/>\n<meta property=\"article:modified_time\" content=\"2025-12-03T16:43:08+00:00\" \/>\n<meta property=\"og:image\" content=\"http:\/\/evavedel.com\/wp-content\/uploads\/2024\/01\/Q322-768x1024.jpg\" \/>\n<meta name=\"twitter:card\" content=\"summary_large_image\" \/>\n<meta name=\"twitter:label1\" content=\"Estimated reading time\" \/>\n\t<meta name=\"twitter:data1\" content=\"7 minutes\" \/>\n<script type=\"application\/ld+json\" class=\"yoast-schema-graph\">{\"@context\":\"https:\/\/schema.org\",\"@graph\":[{\"@type\":[\"WebPage\",\"AboutPage\"],\"@id\":\"https:\/\/evavedel.com\/biographie\/\",\"url\":\"https:\/\/evavedel.com\/biographie\/\",\"name\":\"Biographie - Eva Vedel designer et artiste | data physicalization, art, algorithme, design\",\"isPartOf\":{\"@id\":\"https:\/\/evavedel.com\/#website\"},\"primaryImageOfPage\":{\"@id\":\"https:\/\/evavedel.com\/biographie\/#primaryimage\"},\"image\":{\"@id\":\"https:\/\/evavedel.com\/biographie\/#primaryimage\"},\"thumbnailUrl\":\"http:\/\/evavedel.com\/wp-content\/uploads\/2024\/01\/Q322-768x1024.jpg\",\"datePublished\":\"2022-06-06T17:36:15+00:00\",\"dateModified\":\"2025-12-03T16:43:08+00:00\",\"description\":\"Mon Cv. Formation impression 3D c\u00e9ramique. ESAD Orl\u00e9ans. Designer \u00e0 Toulouse. Data physicalization. DSRD. Recherche en design. DNSEP design.\",\"breadcrumb\":{\"@id\":\"https:\/\/evavedel.com\/biographie\/#breadcrumb\"},\"inLanguage\":\"en-GB\",\"potentialAction\":[{\"@type\":\"ReadAction\",\"target\":[\"https:\/\/evavedel.com\/biographie\/\"]}]},{\"@type\":\"ImageObject\",\"inLanguage\":\"en-GB\",\"@id\":\"https:\/\/evavedel.com\/biographie\/#primaryimage\",\"url\":\"http:\/\/evavedel.com\/wp-content\/uploads\/2024\/01\/Q322-768x1024.jpg\",\"contentUrl\":\"http:\/\/evavedel.com\/wp-content\/uploads\/2024\/01\/Q322-768x1024.jpg\"},{\"@type\":\"BreadcrumbList\",\"@id\":\"https:\/\/evavedel.com\/biographie\/#breadcrumb\",\"itemListElement\":[{\"@type\":\"ListItem\",\"position\":1,\"name\":\"Accueil\",\"item\":\"https:\/\/evavedel.com\/\"},{\"@type\":\"ListItem\",\"position\":2,\"name\":\"Biographie\"}]},{\"@type\":\"WebSite\",\"@id\":\"https:\/\/evavedel.com\/#website\",\"url\":\"https:\/\/evavedel.com\/\",\"name\":\"Eva Vedel\",\"description\":\"Designer &amp; artiste\",\"publisher\":{\"@id\":\"https:\/\/evavedel.com\/#\/schema\/person\/600e7bbae59c2b0909798bd750172c2d\"},\"potentialAction\":[{\"@type\":\"SearchAction\",\"target\":{\"@type\":\"EntryPoint\",\"urlTemplate\":\"https:\/\/evavedel.com\/?s={search_term_string}\"},\"query-input\":{\"@type\":\"PropertyValueSpecification\",\"valueRequired\":true,\"valueName\":\"search_term_string\"}}],\"inLanguage\":\"en-GB\"},{\"@type\":[\"Person\",\"Organization\"],\"@id\":\"https:\/\/evavedel.com\/#\/schema\/person\/600e7bbae59c2b0909798bd750172c2d\",\"name\":\"Eva Vedel\",\"image\":{\"@type\":\"ImageObject\",\"inLanguage\":\"en-GB\",\"@id\":\"https:\/\/evavedel.com\/#\/schema\/person\/image\/\",\"url\":\"https:\/\/evavedel.com\/wp-content\/uploads\/2024\/10\/LOGO_Eva-Vedel_2022-2_Plan-de-travail-1-copie.png\",\"contentUrl\":\"https:\/\/evavedel.com\/wp-content\/uploads\/2024\/10\/LOGO_Eva-Vedel_2022-2_Plan-de-travail-1-copie.png\",\"width\":5000,\"height\":5000,\"caption\":\"Eva Vedel\"},\"logo\":{\"@id\":\"https:\/\/evavedel.com\/#\/schema\/person\/image\/\"},\"sameAs\":[\"https:\/\/www.instagram.com\/eva.vedel\/?hl=fr\",\"https:\/\/www.linkedin.com\/in\/evavedel\/\"]}]}<\/script>\n<!-- \/ Yoast SEO plugin. -->","yoast_head_json":{"title":"Biographie - Eva Vedel designer et artiste | data physicalization, art, algorithme, design","description":"Mon Cv. Formation impression 3D c\u00e9ramique. ESAD Orl\u00e9ans. Designer \u00e0 Toulouse. Data physicalization. DSRD. Recherche en design. DNSEP design.","robots":{"index":"index","follow":"follow","max-snippet":"max-snippet:-1","max-image-preview":"max-image-preview:large","max-video-preview":"max-video-preview:-1"},"canonical":"https:\/\/evavedel.com\/en\/biographie\/","og_locale":"en_GB","og_type":"article","og_title":"Biographie - Eva Vedel designer et artiste | data physicalization, art, algorithme, design","og_description":"Mon Cv. Formation impression 3D c\u00e9ramique. ESAD Orl\u00e9ans. Designer \u00e0 Toulouse. Data physicalization. DSRD. Recherche en design. DNSEP design.","og_url":"https:\/\/evavedel.com\/en\/biographie\/","og_site_name":"Eva Vedel","article_modified_time":"2025-12-03T16:43:08+00:00","og_image":[{"url":"http:\/\/evavedel.com\/wp-content\/uploads\/2024\/01\/Q322-768x1024.jpg","type":"","width":"","height":""}],"twitter_card":"summary_large_image","twitter_misc":{"Estimated reading time":"7 minutes"},"schema":{"@context":"https:\/\/schema.org","@graph":[{"@type":["WebPage","AboutPage"],"@id":"https:\/\/evavedel.com\/biographie\/","url":"https:\/\/evavedel.com\/biographie\/","name":"Biographie - Eva Vedel designer et artiste | data physicalization, art, algorithme, design","isPartOf":{"@id":"https:\/\/evavedel.com\/#website"},"primaryImageOfPage":{"@id":"https:\/\/evavedel.com\/biographie\/#primaryimage"},"image":{"@id":"https:\/\/evavedel.com\/biographie\/#primaryimage"},"thumbnailUrl":"http:\/\/evavedel.com\/wp-content\/uploads\/2024\/01\/Q322-768x1024.jpg","datePublished":"2022-06-06T17:36:15+00:00","dateModified":"2025-12-03T16:43:08+00:00","description":"Mon Cv. Formation impression 3D c\u00e9ramique. ESAD Orl\u00e9ans. Designer \u00e0 Toulouse. Data physicalization. DSRD. Recherche en design. DNSEP design.","breadcrumb":{"@id":"https:\/\/evavedel.com\/biographie\/#breadcrumb"},"inLanguage":"en-GB","potentialAction":[{"@type":"ReadAction","target":["https:\/\/evavedel.com\/biographie\/"]}]},{"@type":"ImageObject","inLanguage":"en-GB","@id":"https:\/\/evavedel.com\/biographie\/#primaryimage","url":"http:\/\/evavedel.com\/wp-content\/uploads\/2024\/01\/Q322-768x1024.jpg","contentUrl":"http:\/\/evavedel.com\/wp-content\/uploads\/2024\/01\/Q322-768x1024.jpg"},{"@type":"BreadcrumbList","@id":"https:\/\/evavedel.com\/biographie\/#breadcrumb","itemListElement":[{"@type":"ListItem","position":1,"name":"Accueil","item":"https:\/\/evavedel.com\/"},{"@type":"ListItem","position":2,"name":"Biographie"}]},{"@type":"WebSite","@id":"https:\/\/evavedel.com\/#website","url":"https:\/\/evavedel.com\/","name":"Eva Vedel","description":"Designer &amp; artiste","publisher":{"@id":"https:\/\/evavedel.com\/#\/schema\/person\/600e7bbae59c2b0909798bd750172c2d"},"potentialAction":[{"@type":"SearchAction","target":{"@type":"EntryPoint","urlTemplate":"https:\/\/evavedel.com\/?s={search_term_string}"},"query-input":{"@type":"PropertyValueSpecification","valueRequired":true,"valueName":"search_term_string"}}],"inLanguage":"en-GB"},{"@type":["Person","Organization"],"@id":"https:\/\/evavedel.com\/#\/schema\/person\/600e7bbae59c2b0909798bd750172c2d","name":"Eva Vedel","image":{"@type":"ImageObject","inLanguage":"en-GB","@id":"https:\/\/evavedel.com\/#\/schema\/person\/image\/","url":"https:\/\/evavedel.com\/wp-content\/uploads\/2024\/10\/LOGO_Eva-Vedel_2022-2_Plan-de-travail-1-copie.png","contentUrl":"https:\/\/evavedel.com\/wp-content\/uploads\/2024\/10\/LOGO_Eva-Vedel_2022-2_Plan-de-travail-1-copie.png","width":5000,"height":5000,"caption":"Eva Vedel"},"logo":{"@id":"https:\/\/evavedel.com\/#\/schema\/person\/image\/"},"sameAs":["https:\/\/www.instagram.com\/eva.vedel\/?hl=fr","https:\/\/www.linkedin.com\/in\/evavedel\/"]}]}},"_links":{"self":[{"href":"https:\/\/evavedel.com\/en\/wp-json\/wp\/v2\/pages\/20","targetHints":{"allow":["GET"]}}],"collection":[{"href":"https:\/\/evavedel.com\/en\/wp-json\/wp\/v2\/pages"}],"about":[{"href":"https:\/\/evavedel.com\/en\/wp-json\/wp\/v2\/types\/page"}],"author":[{"embeddable":true,"href":"https:\/\/evavedel.com\/en\/wp-json\/wp\/v2\/users\/1"}],"replies":[{"embeddable":true,"href":"https:\/\/evavedel.com\/en\/wp-json\/wp\/v2\/comments?post=20"}],"version-history":[{"count":77,"href":"https:\/\/evavedel.com\/en\/wp-json\/wp\/v2\/pages\/20\/revisions"}],"predecessor-version":[{"id":1532,"href":"https:\/\/evavedel.com\/en\/wp-json\/wp\/v2\/pages\/20\/revisions\/1532"}],"wp:attachment":[{"href":"https:\/\/evavedel.com\/en\/wp-json\/wp\/v2\/media?parent=20"}],"curies":[{"name":"wp","href":"https:\/\/api.w.org\/{rel}","templated":true}]}}